 {"id":2959,"date":"2018-05-02T23:59:44","date_gmt":"2018-05-02T21:59:44","guid":{"rendered":"http:\/\/cisiec2.e-przedszkolak.eu\/?page_id=2959"},"modified":"2018-05-03T00:07:13","modified_gmt":"2018-05-02T22:07:13","slug":"przyjaciele-przedszkola","status":"publish","type":"page","link":"https:\/\/cisiec2.e-przedszkolak.eu\/archiwum\/przyjaciele-przedszkola\/","title":{"rendered":"Przyjaciele Przedszkola"},"content":{"rendered":"<h3><span style=\"color: #000000;\"><strong><em><u>Witamy na stronie naszych przyjaci\u00f3\u0142, kt\u00f3rzy w jakikolwiek spos\u00f3b wspomogli nasze przedszkole:<\/u><\/em><\/strong><\/span><\/h3>\n<p>&nbsp;<\/p>\n<p>&nbsp;<\/p>\n<p style=\"text-align: center;\"><span style=\"color: #ff0000;\"><strong>&#8222;ASZAS\u2019\u2019- ZAK\u0141AD STOLARSKO \u2013 MEBLOWY J.G.KRAKOWSCY<\/strong><\/span><\/p>\n<p style=\"text-align: center;\">&nbsp;<a href=\"http:\/\/cisiec2.e-przedszkolak.eu\/wp-content\/uploads\/2018\/05\/slonko.png\"><img loading=\"lazy\" decoding=\"async\" class=\"aligncenter size-full wp-image-2960\" src=\"http:\/\/cisiec2.e-przedszkolak.eu\/wp-content\/uploads\/2018\/05\/slonko.png\" alt=\"\" width=\"84\" height=\"71\"><\/a><\/p>\n<p style=\"text-align: center;\">&nbsp;<span style=\"color: #0000ff;\"><strong>ZAK\u0141AD ROB\u00d3T BUDOWLANO &#8211; IN\u017bYNIERYJNYCH&nbsp; ,,MADR\u00d3G\u2019\u2019&nbsp;<br \/>\nGRZEGORZ MAJDAK<\/strong><\/span><\/p>\n<p style=\"text-align: center;\">&nbsp;<a href=\"http:\/\/cisiec2.e-przedszkolak.eu\/wp-content\/uploads\/2018\/05\/slonko.png\"><img loading=\"lazy\" decoding=\"async\" class=\"aligncenter size-full wp-image-2960\" src=\"http:\/\/cisiec2.e-przedszkolak.eu\/wp-content\/uploads\/2018\/05\/slonko.png\" alt=\"\" width=\"84\" height=\"71\"><\/a><\/p>\n<p style=\"text-align: center;\">&nbsp;<span style=\"color: #333399;\"><strong><em>BRUKARSTWO ,,JARCO\u2019\u2019&nbsp;<\/em><em>JARCO&nbsp; PRZEMYS\u0141AW<\/em><\/strong><\/span><\/p>\n<p style=\"text-align: center;\">&nbsp;<a href=\"http:\/\/cisiec2.e-przedszkolak.eu\/wp-content\/uploads\/2018\/05\/slonko.png\"><img loading=\"lazy\" decoding=\"async\" class=\"aligncenter size-full wp-image-2960\" src=\"http:\/\/cisiec2.e-przedszkolak.eu\/wp-content\/uploads\/2018\/05\/slonko.png\" alt=\"\" width=\"84\" height=\"71\"><\/a><\/p>\n<p style=\"text-align: center;\">&nbsp;<span style=\"color: #993300;\"><strong><em>F.P.H.U. ,,PAWLUS\u2019\u2019 BARTOSZ PAWLUS<\/em><\/strong><\/span><\/p>\n<p style=\"text-align: center;\">&nbsp;<a href=\"http:\/\/cisiec2.e-przedszkolak.eu\/wp-content\/uploads\/2018\/05\/slonko.png\"><img loading=\"lazy\" decoding=\"async\" class=\"aligncenter size-full wp-image-2960\" src=\"http:\/\/cisiec2.e-przedszkolak.eu\/wp-content\/uploads\/2018\/05\/slonko.png\" alt=\"\" width=\"84\" height=\"71\"><\/a><\/p>\n<p style=\"text-align: center;\">&nbsp;<span style=\"color: #008000;\"><strong><em>,,KALTRANS\u2019\u2019 US\u0141UGI KURIERSKIE I POCZTOWE \u2013 JACEK KALFAS<\/em><\/strong><\/span><\/p>\n<p>&nbsp;<\/p>\n","protected":false},"excerpt":{"rendered":"<p>Witamy na stronie naszych przyjaci\u00f3\u0142, kt\u00f3rzy w jakikolwiek spos\u00f3b wspomogli nasze przedszkole: &nbsp; &nbsp; &#8222;ASZAS\u2019\u2019- ZAK\u0141AD STOLARSKO \u2013 MEBLOWY J.G.KRAKOWSCY &nbsp; &nbsp;ZAK\u0141AD ROB\u00d3T BUDOWLANO &#8211; IN\u017bYNIERYJNYCH&nbsp; ,,MADR\u00d3G\u2019\u2019&nbsp; GRZEGORZ MAJDAK &nbsp; &nbsp;BRUKARSTWO ,,JARCO\u2019\u2019&nbsp;JARCO&nbsp; PRZEMYS\u0141AW &nbsp; &nbsp;F.P.H.U. ,,PAWLUS\u2019\u2019 BARTOSZ PAWLUS &nbsp; &nbsp;,,KALTRANS\u2019\u2019 US\u0141UGI KURIERSKIE I POCZTOWE \u2013 JACEK KALFAS &nbsp;<\/p>\n","protected":false},"author":2,"featured_media":0,"parent":0,"menu_order":0,"comment_status":"closed","ping_status":"closed","template":"","meta":{"ngg_post_thumbnail":0,"footnotes":""},"class_list":["post-2959","page","type-page","status-publish","hentry"],"_links":{"self":[{"href":"https:\/\/cisiec2.e-przedszkolak.eu\/archiwum\/wp-json\/wp\/v2\/pages\/2959","targetHints":{"allow":["GET"]}}],"collection":[{"href":"https:\/\/cisiec2.e-przedszkolak.eu\/archiwum\/wp-json\/wp\/v2\/pages"}],"about":[{"href":"https:\/\/cisiec2.e-przedszkolak.eu\/archiwum\/wp-json\/wp\/v2\/types\/page"}],"author":[{"embeddable":true,"href":"https:\/\/cisiec2.e-przedszkolak.eu\/archiwum\/wp-json\/wp\/v2\/users\/2"}],"replies":[{"embeddable":true,"href":"https:\/\/cisiec2.e-przedszkolak.eu\/archiwum\/wp-json\/wp\/v2\/comments?post=2959"}],"version-history":[{"count":6,"href":"https:\/\/cisiec2.e-przedszkolak.eu\/archiwum\/wp-json\/wp\/v2\/pages\/2959\/revisions"}],"predecessor-version":[{"id":2967,"href":"https:\/\/cisiec2.e-przedszkolak.eu\/archiwum\/wp-json\/wp\/v2\/pages\/2959\/revisions\/2967"}],"wp:attachment":[{"href":"https:\/\/cisiec2.e-przedszkolak.eu\/archiwum\/wp-json\/wp\/v2\/media?parent=2959"}],"curies":[{"name":"wp","href":"https:\/\/api.w.org\/{rel}","templated":true}]}}