 {"id":22,"date":"2015-12-14T23:30:10","date_gmt":"2015-12-14T22:30:10","guid":{"rendered":"http:\/\/cisiec2.e-przedszkolak.eu\/?page_id=22"},"modified":"2016-03-11T20:31:49","modified_gmt":"2016-03-11T19:31:49","slug":"galeria","status":"publish","type":"page","link":"https:\/\/cisiec2.e-przedszkolak.eu\/archiwum\/galeria\/","title":{"rendered":"Galeria"},"content":{"rendered":"<p>\t<div class=\"ngg-albumoverview default-view\">\n\t\t\t\t\t<div class=\"ngg-album-compact\">\n\t\t\t\t<div class=\"ngg-album-compactbox\">\n\t\t\t\t\t<div class=\"ngg-album-link\">\n\t\t\t\t\t\t\t\t\t\t\t\t\t\t\t\t\t\t\t\t\t<a title='Warsztaty z ko\u0142em gospody\u0144 wiejskich' href='https:\/\/cisiec2.e-przedszkolak.eu\/archiwum\/galeria\/nggallery\/warsztaty-z-kolem-gospodyn-wiejskich\/warsztaty-z-kolem-gospodyn-wiejskich'>\n\t\t\t\t\t\t\t\t\t<img class=\"Thumb\"\n\t\t\t\t\t\t\t\t\t\talt=\"Warsztaty z ko\u0142em gospody\u0144 wiejskich\"\n\t\t\t\t\t\t\t\t\t\tsrc=\"https:\/\/cisiec2.e-przedszkolak.eu\/archiwum\/wp-content\/gallery\/warsztaty-z-kolem-gospodyn-wiejskich\/cache\/100_0875.JPG-nggid03186-ngg0dyn-91x68-00f0w010c011r110f110r010t010.JPG\"\/>\n\t\t\t\t\t\t\t\t<\/a>\n\t\t\t\t\t\t\t\t\t\t\t\t\t\t\t\t\t\t<\/div>\n\t\t\t\t<\/div>\n\t\t\t\t\t\t\t\t<h4>\n\t\t\t\t\t<a class='ngg-album-desc' \n\t\t\t\t\ttitle='Warsztaty z ko\u0142em gospody\u0144 wiejskich' href='https:\/\/cisiec2.e-przedszkolak.eu\/archiwum\/galeria\/nggallery\/warsztaty-z-kolem-gospodyn-wiejskich\/warsztaty-z-kolem-gospodyn-wiejskich'style=\"max-width: 111px\"\t\t\t\t\t>\n\t\t\t\t\t\tWarsztaty z ko\u0142em gospody\u0144 wiejskich\t\t\t\t\t<\/a>\n\t\t\t\t<\/h4>\n\t\t\t\t<p class=\"ngg-album-gallery-image-counter\">\n\t\t\t\t\t\t\t\t\t\t\t<strong>24<\/strong>&nbsp;Zdj\u0119\u0107\t\t\t\t\t\t\t\t\t<\/p>\n\t\t\t<\/div>\n\t\t\t\t\t<div class=\"ngg-album-compact\">\n\t\t\t\t<div class=\"ngg-album-compactbox\">\n\t\t\t\t\t<div class=\"ngg-album-link\">\n\t\t\t\t\t\t\t\t\t\t\t\t\t\t\t\t\t\t\t\t\t<a title='Zabawa karnawa\u0142owa' href='https:\/\/cisiec2.e-przedszkolak.eu\/archiwum\/galeria\/nggallery\/zabawa-karnawalowa\/zabawa-karnawalowa'>\n\t\t\t\t\t\t\t\t\t<img class=\"Thumb\"\n\t\t\t\t\t\t\t\t\t\talt=\"Zabawa karnawa\u0142owa\"\n\t\t\t\t\t\t\t\t\t\tsrc=\"https:\/\/cisiec2.e-przedszkolak.eu\/archiwum\/wp-content\/gallery\/zabawa-karnawalowa\/cache\/20160204_095035.jpg-nggid03118-ngg0dyn-91x68-00f0w010c011r110f110r010t010.jpg\"\/>\n\t\t\t\t\t\t\t\t<\/a>\n\t\t\t\t\t\t\t\t\t\t\t\t\t\t\t\t\t\t<\/div>\n\t\t\t\t<\/div>\n\t\t\t\t\t\t\t\t<h4>\n\t\t\t\t\t<a class='ngg-album-desc' \n\t\t\t\t\ttitle='Zabawa karnawa\u0142owa' href='https:\/\/cisiec2.e-przedszkolak.eu\/archiwum\/galeria\/nggallery\/zabawa-karnawalowa\/zabawa-karnawalowa'style=\"max-width: 111px\"\t\t\t\t\t>\n\t\t\t\t\t\tZabawa karnawa\u0142owa\t\t\t\t\t<\/a>\n\t\t\t\t<\/h4>\n\t\t\t\t<p class=\"ngg-album-gallery-image-counter\">\n\t\t\t\t\t\t\t\t\t\t\t<strong>19<\/strong>&nbsp;Zdj\u0119\u0107\t\t\t\t\t\t\t\t\t<\/p>\n\t\t\t<\/div>\n\t\t\t\t\t<div class=\"ngg-album-compact\">\n\t\t\t\t<div class=\"ngg-album-compactbox\">\n\t\t\t\t\t<div class=\"ngg-album-link\">\n\t\t\t\t\t\t\t\t\t\t\t\t\t\t\t\t\t\t\t\t\t<a title='Spotkanie z Miko\u0142ajem' href='https:\/\/cisiec2.e-przedszkolak.eu\/archiwum\/galeria\/nggallery\/spotkanie-z-mikolajem\/spotkanie-z-mikolajem'>\n\t\t\t\t\t\t\t\t\t<img class=\"Thumb\"\n\t\t\t\t\t\t\t\t\t\talt=\"Spotkanie z Miko\u0142ajem\"\n\t\t\t\t\t\t\t\t\t\tsrc=\"https:\/\/cisiec2.e-przedszkolak.eu\/archiwum\/wp-content\/gallery\/spotkanie-z-mikolajem\/cache\/12415764_1702781013268319_2013736478_o.jpg-nggid0229-ngg0dyn-91x68-00f0w010c011r110f110r010t010.jpg\"\/>\n\t\t\t\t\t\t\t\t<\/a>\n\t\t\t\t\t\t\t\t\t\t\t\t\t\t\t\t\t\t<\/div>\n\t\t\t\t<\/div>\n\t\t\t\t\t\t\t\t<h4>\n\t\t\t\t\t<a class='ngg-album-desc' \n\t\t\t\t\ttitle='Spotkanie z Miko\u0142ajem' href='https:\/\/cisiec2.e-przedszkolak.eu\/archiwum\/galeria\/nggallery\/spotkanie-z-mikolajem\/spotkanie-z-mikolajem'style=\"max-width: 111px\"\t\t\t\t\t>\n\t\t\t\t\t\tSpotkanie z Miko\u0142ajem\t\t\t\t\t<\/a>\n\t\t\t\t<\/h4>\n\t\t\t\t<p class=\"ngg-album-gallery-image-counter\">\n\t\t\t\t\t\t\t\t\t\t\t<strong>17<\/strong>&nbsp;Zdj\u0119\u0107\t\t\t\t\t\t\t\t\t<\/p>\n\t\t\t<\/div>\n\t\t\t\t\t<div class=\"ngg-album-compact\">\n\t\t\t\t<div class=\"ngg-album-compactbox\">\n\t\t\t\t\t<div class=\"ngg-album-link\">\n\t\t\t\t\t\t\t\t\t\t\t\t\t\t\t\t\t\t\t\t\t<a title='Bajkoterapia' href='https:\/\/cisiec2.e-przedszkolak.eu\/archiwum\/galeria\/nggallery\/zajecia-bajkoterapia\/bajkoterapia'>\n\t\t\t\t\t\t\t\t\t<img class=\"Thumb\"\n\t\t\t\t\t\t\t\t\t\talt=\"Bajkoterapia\"\n\t\t\t\t\t\t\t\t\t\tsrc=\"https:\/\/cisiec2.e-przedszkolak.eu\/archiwum\/wp-content\/gallery\/bajkoterapia\/cache\/12435255_1702766493269771_980054166_o.jpg-nggid0246-ngg0dyn-91x68-00f0w010c011r110f110r010t010.jpg\"\/>\n\t\t\t\t\t\t\t\t<\/a>\n\t\t\t\t\t\t\t\t\t\t\t\t\t\t\t\t\t\t<\/div>\n\t\t\t\t<\/div>\n\t\t\t\t\t\t\t\t<h4>\n\t\t\t\t\t<a class='ngg-album-desc' \n\t\t\t\t\ttitle='Bajkoterapia' href='https:\/\/cisiec2.e-przedszkolak.eu\/archiwum\/galeria\/nggallery\/zajecia-bajkoterapia\/bajkoterapia'style=\"max-width: 111px\"\t\t\t\t\t>\n\t\t\t\t\t\tBajkoterapia\t\t\t\t\t<\/a>\n\t\t\t\t<\/h4>\n\t\t\t\t<p class=\"ngg-album-gallery-image-counter\">\n\t\t\t\t\t\t\t\t\t\t\t<strong>8<\/strong>&nbsp;Zdj\u0119\u0107\t\t\t\t\t\t\t\t\t<\/p>\n\t\t\t<\/div>\n\t\t\t\t\t<div class=\"ngg-album-compact\">\n\t\t\t\t<div class=\"ngg-album-compactbox\">\n\t\t\t\t\t<div class=\"ngg-album-link\">\n\t\t\t\t\t\t\t\t\t\t\t\t\t\t\t\t\t\t\t\t\t<a title='Dzie\u0144 Babci i Dziadka' href='https:\/\/cisiec2.e-przedszkolak.eu\/archiwum\/galeria\/nggallery\/dzien-babci-i-dziadka\/dzien-babci-i-dziadka'>\n\t\t\t\t\t\t\t\t\t<img class=\"Thumb\"\n\t\t\t\t\t\t\t\t\t\talt=\"Dzie\u0144 Babci i Dziadka\"\n\t\t\t\t\t\t\t\t\t\tsrc=\"https:\/\/cisiec2.e-przedszkolak.eu\/archiwum\/wp-content\/gallery\/dzien-babci-i-dziadka\/cache\/dz.b..png-nggid0254-ngg0dyn-91x68-00f0w010c011r110f110r010t010.png\"\/>\n\t\t\t\t\t\t\t\t<\/a>\n\t\t\t\t\t\t\t\t\t\t\t\t\t\t\t\t\t\t<\/div>\n\t\t\t\t<\/div>\n\t\t\t\t\t\t\t\t<h4>\n\t\t\t\t\t<a class='ngg-album-desc' \n\t\t\t\t\ttitle='Dzie\u0144 Babci i Dziadka' href='https:\/\/cisiec2.e-przedszkolak.eu\/archiwum\/galeria\/nggallery\/dzien-babci-i-dziadka\/dzien-babci-i-dziadka'style=\"max-width: 111px\"\t\t\t\t\t>\n\t\t\t\t\t\tDzie\u0144 Babci i Dziadka\t\t\t\t\t<\/a>\n\t\t\t\t<\/h4>\n\t\t\t\t<p class=\"ngg-album-gallery-image-counter\">\n\t\t\t\t\t\t\t\t\t\t\t<strong>39<\/strong>&nbsp;Zdj\u0119\u0107\t\t\t\t\t\t\t\t\t<\/p>\n\t\t\t<\/div>\n\t\t\t\t\t<div class=\"ngg-album-compact\">\n\t\t\t\t<div class=\"ngg-album-compactbox\">\n\t\t\t\t\t<div class=\"ngg-album-link\">\n\t\t\t\t\t\t\t\t\t\t\t\t\t\t\t\t\t\t\t\t\t<a title='Pieczenie piernik\u00f3w' href='https:\/\/cisiec2.e-przedszkolak.eu\/archiwum\/galeria\/nggallery\/pieczenie-piernikow\/pieczenie-piernikow'>\n\t\t\t\t\t\t\t\t\t<img class=\"Thumb\"\n\t\t\t\t\t\t\t\t\t\talt=\"Pieczenie piernik\u00f3w\"\n\t\t\t\t\t\t\t\t\t\tsrc=\"https:\/\/cisiec2.e-przedszkolak.eu\/archiwum\/wp-content\/gallery\/pieczenie-piernikow\/cache\/1.jpg-nggid03105-ngg0dyn-91x68-00f0w010c011r110f110r010t010.jpg\"\/>\n\t\t\t\t\t\t\t\t<\/a>\n\t\t\t\t\t\t\t\t\t\t\t\t\t\t\t\t\t\t<\/div>\n\t\t\t\t<\/div>\n\t\t\t\t\t\t\t\t<h4>\n\t\t\t\t\t<a class='ngg-album-desc' \n\t\t\t\t\ttitle='Pieczenie piernik\u00f3w' href='https:\/\/cisiec2.e-przedszkolak.eu\/archiwum\/galeria\/nggallery\/pieczenie-piernikow\/pieczenie-piernikow'style=\"max-width: 111px\"\t\t\t\t\t>\n\t\t\t\t\t\tPieczenie piernik\u00f3w\t\t\t\t\t<\/a>\n\t\t\t\t<\/h4>\n\t\t\t\t<p class=\"ngg-album-gallery-image-counter\">\n\t\t\t\t\t\t\t\t\t\t\t<strong>13<\/strong>&nbsp;Zdj\u0119\u0107\t\t\t\t\t\t\t\t\t<\/p>\n\t\t\t<\/div>\n\t\t\t\t\t<div class=\"ngg-album-compact\">\n\t\t\t\t<div class=\"ngg-album-compactbox\">\n\t\t\t\t\t<div class=\"ngg-album-link\">\n\t\t\t\t\t\t\t\t\t\t\t\t\t\t\t\t\t\t\t\t\t<a title='Wycieczka do ogrodu' href='https:\/\/cisiec2.e-przedszkolak.eu\/archiwum\/galeria\/nggallery\/wycieczka-do-ogrodu\/wycieczka-do-ogrodu'>\n\t\t\t\t\t\t\t\t\t<img class=\"Thumb\"\n\t\t\t\t\t\t\t\t\t\talt=\"Wycieczka do ogrodu\"\n\t\t\t\t\t\t\t\t\t\tsrc=\"https:\/\/cisiec2.e-przedszkolak.eu\/archiwum\/wp-content\/gallery\/wycieczka-do-ogrodu\/cache\/CAM00023.jpg-nggid0294-ngg0dyn-91x68-00f0w010c011r110f110r010t010.jpg\"\/>\n\t\t\t\t\t\t\t\t<\/a>\n\t\t\t\t\t\t\t\t\t\t\t\t\t\t\t\t\t\t<\/div>\n\t\t\t\t<\/div>\n\t\t\t\t\t\t\t\t<h4>\n\t\t\t\t\t<a class='ngg-album-desc' \n\t\t\t\t\ttitle='Wycieczka do ogrodu' href='https:\/\/cisiec2.e-przedszkolak.eu\/archiwum\/galeria\/nggallery\/wycieczka-do-ogrodu\/wycieczka-do-ogrodu'style=\"max-width: 111px\"\t\t\t\t\t>\n\t\t\t\t\t\tWycieczka do ogrodu\t\t\t\t\t<\/a>\n\t\t\t\t<\/h4>\n\t\t\t\t<p class=\"ngg-album-gallery-image-counter\">\n\t\t\t\t\t\t\t\t\t\t\t<strong>5<\/strong>&nbsp;Zdj\u0119\u0107\t\t\t\t\t\t\t\t\t<\/p>\n\t\t\t<\/div>\n\t\t\t\t\t<div class=\"ngg-album-compact\">\n\t\t\t\t<div class=\"ngg-album-compactbox\">\n\t\t\t\t\t<div class=\"ngg-album-link\">\n\t\t\t\t\t\t\t\t\t\t\t\t\t\t\t\t\t\t\t\t\t<a title='Nasze przedszkole' href='https:\/\/cisiec2.e-przedszkolak.eu\/archiwum\/galeria\/nggallery\/nasze-przedszkole\/nasze-przedszkole'>\n\t\t\t\t\t\t\t\t\t<img class=\"Thumb\"\n\t\t\t\t\t\t\t\t\t\talt=\"Nasze przedszkole\"\n\t\t\t\t\t\t\t\t\t\tsrc=\"https:\/\/cisiec2.e-przedszkolak.eu\/archiwum\/wp-content\/gallery\/nasze-przedszkole\/cache\/20160125_080720.jpg-nggid0299-ngg0dyn-91x68-00f0w010c011r110f110r010t010.jpg\"\/>\n\t\t\t\t\t\t\t\t<\/a>\n\t\t\t\t\t\t\t\t\t\t\t\t\t\t\t\t\t\t<\/div>\n\t\t\t\t<\/div>\n\t\t\t\t\t\t\t\t<h4>\n\t\t\t\t\t<a class='ngg-album-desc' \n\t\t\t\t\ttitle='Nasze przedszkole' href='https:\/\/cisiec2.e-przedszkolak.eu\/archiwum\/galeria\/nggallery\/nasze-przedszkole\/nasze-przedszkole'style=\"max-width: 111px\"\t\t\t\t\t>\n\t\t\t\t\t\tNasze przedszkole\t\t\t\t\t<\/a>\n\t\t\t\t<\/h4>\n\t\t\t\t<p class=\"ngg-album-gallery-image-counter\">\n\t\t\t\t\t\t\t\t\t\t\t<strong>6<\/strong>&nbsp;Zdj\u0119\u0107\t\t\t\t\t\t\t\t\t<\/p>\n\t\t\t<\/div>\n\t\t\t\t<br class=\"ngg-clear\"\/>\n\t\t<div class='ngg-clear'><\/div>\t<\/div>\n<\/p>\n<p>&nbsp;<\/p>\n","protected":false},"excerpt":{"rendered":"<p>Warsztaty z ko\u0142em gospody\u0144 wiejskich 24&nbsp;Zdj\u0119\u0107 Zabawa karnawa\u0142owa 19&nbsp;Zdj\u0119\u0107 Spotkanie z Miko\u0142ajem 17&nbsp;Zdj\u0119\u0107 Bajkoterapia 8&nbsp;Zdj\u0119\u0107 Dzie\u0144 Babci i Dziadka 39&nbsp;Zdj\u0119\u0107 Pieczenie piernik\u00f3w 13&nbsp;Zdj\u0119\u0107 Wycieczka do ogrodu 5&nbsp;Zdj\u0119\u0107 Nasze przedszkole 6&nbsp;Zdj\u0119\u0107 &nbsp;<\/p>\n","protected":false},"author":1,"featured_media":0,"parent":0,"menu_order":0,"comment_status":"closed","ping_status":"closed","template":"","meta":{"ngg_post_thumbnail":0,"footnotes":""},"class_list":["post-22","page","type-page","status-publish","hentry"],"_links":{"self":[{"href":"https:\/\/cisiec2.e-przedszkolak.eu\/archiwum\/wp-json\/wp\/v2\/pages\/22","targetHints":{"allow":["GET"]}}],"collection":[{"href":"https:\/\/cisiec2.e-przedszkolak.eu\/archiwum\/wp-json\/wp\/v2\/pages"}],"about":[{"href":"https:\/\/cisiec2.e-przedszkolak.eu\/archiwum\/wp-json\/wp\/v2\/types\/page"}],"author":[{"embeddable":true,"href":"https:\/\/cisiec2.e-przedszkolak.eu\/archiwum\/wp-json\/wp\/v2\/users\/1"}],"replies":[{"embeddable":true,"href":"https:\/\/cisiec2.e-przedszkolak.eu\/archiwum\/wp-json\/wp\/v2\/comments?post=22"}],"version-history":[{"count":20,"href":"https:\/\/cisiec2.e-przedszkolak.eu\/archiwum\/wp-json\/wp\/v2\/pages\/22\/revisions"}],"predecessor-version":[{"id":358,"href":"https:\/\/cisiec2.e-przedszkolak.eu\/archiwum\/wp-json\/wp\/v2\/pages\/22\/revisions\/358"}],"wp:attachment":[{"href":"https:\/\/cisiec2.e-przedszkolak.eu\/archiwum\/wp-json\/wp\/v2\/media?parent=22"}],"curies":[{"name":"wp","href":"https:\/\/api.w.org\/{rel}","templated":true}]}}